{"id":8435,"date":"2023-08-17T09:48:10","date_gmt":"2023-08-17T07:48:10","guid":{"rendered":"https:\/\/mymodulo.pl\/sklep\/?post_type=product&#038;p=8435"},"modified":"2025-03-13T22:27:40","modified_gmt":"2025-03-13T21:27:40","slug":"ekspozytor-organizer-polka-na-autka-traktor","status":"publish","type":"product","link":"https:\/\/mymodulo.pl\/sklep\/produkt\/ekspozytor-organizer-polka-na-autka-traktor\/","title":{"rendered":"Ekspozytor, organizer, p\u00f3\u0142ka na autka Traktor"},"content":{"rendered":"<p>Utrzymanie du\u017cej ilo\u015bci autek\u00a0 w \u0142adzie i porz\u0105dku nie jest \u0142atwym zadaniem. <strong>P\u00f3\u0142ka jest doskona\u0142ym organizerem dla samochodzik\u00f3w, resorak\u00f3w, autek typu HotWheels.<\/strong>\u00a0Samochodziki s\u0105 uporz\u0105dkowane, a p\u00f3\u0142ka stanowi ciekaw\u0105 dekoracj\u0119 pokoju ka\u017cdego fana motoryzacji.<\/p>\n<p>P\u00f3\u0142ka\u00a0posiada a\u017c <strong>64 miejsca postojowe<\/strong>.\u00a0Wi\u0119kszo\u015b\u0107 szufladek posiada wymiary 9 cm x 3,5 cm. Mniejszych nie ma, natomiast s\u0105 zaprojektowane te\u017c inne- wi\u0119ksze, bo resoraki mog\u0105 mie\u0107 niekiedy lawet\u0119 itp.\u00a0G\u0142\u0119boko\u015b\u0107 ka\u017cdej kieszeni wynosi 3,6 cm.<\/p>\n<p><img loading=\"lazy\" class=\"alignnone wp-image-8437 size-full\" src=\"https:\/\/mymodulo.pl\/sklep\/wp-content\/uploads\/2023\/08\/ekspozytor-na-resoraki-traktor-2.jpg\" alt=\"ekspozytor, p\u00f3\u0142ka na autka\" width=\"1000\" height=\"1000\" srcset=\"https:\/\/mymodulo.pl\/sklep\/wp-content\/uploads\/2023\/08\/ekspozytor-na-resoraki-traktor-2.jpg 1000w, https:\/\/mymodulo.pl\/sklep\/wp-content\/uploads\/2023\/08\/ekspozytor-na-resoraki-traktor-2-300x300.jpg 300w, https:\/\/mymodulo.pl\/sklep\/wp-content\/uploads\/2023\/08\/ekspozytor-na-resoraki-traktor-2-150x150.jpg 150w, https:\/\/mymodulo.pl\/sklep\/wp-content\/uploads\/2023\/08\/ekspozytor-na-resoraki-traktor-2-768x768.jpg 768w, https:\/\/mymodulo.pl\/sklep\/wp-content\/uploads\/2023\/08\/ekspozytor-na-resoraki-traktor-2-187x187.jpg 187w, https:\/\/mymodulo.pl\/sklep\/wp-content\/uploads\/2023\/08\/ekspozytor-na-resoraki-traktor-2-390x390.jpg 390w, https:\/\/mymodulo.pl\/sklep\/wp-content\/uploads\/2023\/08\/ekspozytor-na-resoraki-traktor-2-600x600.jpg 600w, https:\/\/mymodulo.pl\/sklep\/wp-content\/uploads\/2023\/08\/ekspozytor-na-resoraki-traktor-2-100x100.jpg 100w\" sizes=\"(max-width: 1000px) 100vw, 1000px\" \/><\/p>\n<h3>Materia\u0142<\/h3>\n<p>P\u0142yta MDF 18 mm x 2<\/p>\n<h3>Wymiary<\/h3>\n<p>Ilo\u015b\u0107 miejsc: 64<br \/>\nWymiary:\u00a0 55 cm x 80 cm<br \/>\nWymiar 1 miejsca: 9 x 3,5 cm<\/p>\n<p>Grubo\u015b\u0107 : 3,6 cm<\/p>\n<h3>Wyko\u0144czenie<\/h3>\n<p>Sam\u00a0rega\u0142\u00a0<strong>wykonany MEGA solidnie, bo z obustronnie bia\u0142ego MDF o grubo\u015bci 18mm.<\/strong> Obrze\u017ca p\u0142yty pozostaj\u0105 w kolorze naturalnego MDF. Ekspozytor nie posiada z ty\u0142u \u017cadnej dykty ani \u015bcianki- po co zas\u0142ania\u0107 zazwyczaj eleganck\u0105 tapet\u0119, czy \u015bcian\u0119 w pokoju dzieci\u0119cym.<\/p>\n<h3>Monta\u017c<\/h3>\n<p>Wraz z p\u00f3\u0142k\u0105\u00a0<strong>otrzymujesz porz\u0105dne haki monta\u017cowe<\/strong>, by\u015bcie nie musieli si\u0119 zastanawia\u0107 jak j\u0105 powiesi\u0107.<\/p>\n","protected":false},"excerpt":{"rendered":"<p>Czas realizacji 3-5 dni roboczych<\/p>\n","protected":false},"featured_media":8442,"template":"","meta":[],"product_cat":[632,710,607],"product_tag":[],"_links":{"self":[{"href":"https:\/\/mymodulo.pl\/sklep\/wp-json\/wp\/v2\/product\/8435"}],"collection":[{"href":"https:\/\/mymodulo.pl\/sklep\/wp-json\/wp\/v2\/product"}],"about":[{"href":"https:\/\/mymodulo.pl\/sklep\/wp-json\/wp\/v2\/types\/product"}],"wp:featuredmedia":[{"embeddable":true,"href":"https:\/\/mymodulo.pl\/sklep\/wp-json\/wp\/v2\/media\/8442"}],"wp:attachment":[{"href":"https:\/\/mymodulo.pl\/sklep\/wp-json\/wp\/v2\/media?parent=8435"}],"wp:term":[{"taxonomy":"product_cat","embeddable":true,"href":"https:\/\/mymodulo.pl\/sklep\/wp-json\/wp\/v2\/product_cat?post=8435"},{"taxonomy":"product_tag","embeddable":true,"href":"https:\/\/mymodulo.pl\/sklep\/wp-json\/wp\/v2\/product_tag?post=8435"}],"curies":[{"name":"wp","href":"https:\/\/api.w.org\/{rel}","templated":true}]}}