{"id":11595,"date":"2025-03-14T16:11:37","date_gmt":"2025-03-14T15:11:37","guid":{"rendered":"https:\/\/mymodulo.pl\/sklep\/?post_type=product&#038;p=11595"},"modified":"2025-03-14T16:38:33","modified_gmt":"2025-03-14T15:38:33","slug":"polka-drewniana-chmurka-moli-3-szt","status":"publish","type":"product","link":"https:\/\/mymodulo.pl\/sklep\/produkt\/polka-drewniana-chmurka-moli-3-szt\/","title":{"rendered":"P\u00f3\u0142ka drewniana Chmurka Moli 3 szt."},"content":{"rendered":"<p>&nbsp;<\/p>\n<p data-start=\"118\" data-end=\"363\">Dodaj odrobin\u0119 magii do pokoju swojego dziecka z wyj\u0105tkowym zestawem p\u00f3\u0142ek\u00a0 Chmurki Moli. Te urocze, drewniane p\u00f3\u0142eczki w kszta\u0142cie ob\u0142ok\u00f3w to nie tylko praktyczne rozwi\u0105zanie do przechowywania, ale tak\u017ce pi\u0119kna dekoracja wn\u0119trza.<\/p>\n<p data-start=\"365\" data-end=\"741\"><strong data-start=\"367\" data-end=\"396\">Design inspirowany natur\u0105<\/strong> \u2013 delikatny, chmurkowy kszta\u0142t wprowadzi przytulny klimat do dzieci\u0119cego pokoju.<br data-start=\"477\" data-end=\"480\" \/><strong data-start=\"482\" data-end=\"503\">Solidne wykonanie<\/strong> \u2013 trwa\u0142e materia\u0142y zapewniaj\u0105 bezpiecze\u0144stwo i stabilno\u015b\u0107.<br data-start=\"562\" data-end=\"565\" \/><strong data-start=\"567\" data-end=\"583\">\u0141atwy monta\u017c<\/strong> \u2013 zestaw zawiera wszystkie niezb\u0119dne elementy do szybkiego zamocowania.<br data-start=\"655\" data-end=\"658\" \/><strong data-start=\"660\" data-end=\"680\">Uniwersalny styl<\/strong> \u2013 idealne do pokoju dziecka, przedszkola lub k\u0105cika zabaw.<\/p>\n<h3><img loading=\"lazy\" class=\"aligncenter wp-image-11600 size-full\" src=\"https:\/\/mymodulo.pl\/sklep\/wp-content\/uploads\/2025\/03\/polki-chmurki-zestaw-3-szt-moli-prestige.jpg\" alt=\"\" width=\"1000\" height=\"1000\" srcset=\"https:\/\/mymodulo.pl\/sklep\/wp-content\/uploads\/2025\/03\/polki-chmurki-zestaw-3-szt-moli-prestige.jpg 1000w, https:\/\/mymodulo.pl\/sklep\/wp-content\/uploads\/2025\/03\/polki-chmurki-zestaw-3-szt-moli-prestige-300x300.jpg 300w, https:\/\/mymodulo.pl\/sklep\/wp-content\/uploads\/2025\/03\/polki-chmurki-zestaw-3-szt-moli-prestige-150x150.jpg 150w, https:\/\/mymodulo.pl\/sklep\/wp-content\/uploads\/2025\/03\/polki-chmurki-zestaw-3-szt-moli-prestige-768x768.jpg 768w, https:\/\/mymodulo.pl\/sklep\/wp-content\/uploads\/2025\/03\/polki-chmurki-zestaw-3-szt-moli-prestige-187x187.jpg 187w, https:\/\/mymodulo.pl\/sklep\/wp-content\/uploads\/2025\/03\/polki-chmurki-zestaw-3-szt-moli-prestige-390x390.jpg 390w, https:\/\/mymodulo.pl\/sklep\/wp-content\/uploads\/2025\/03\/polki-chmurki-zestaw-3-szt-moli-prestige-600x600.jpg 600w, https:\/\/mymodulo.pl\/sklep\/wp-content\/uploads\/2025\/03\/polki-chmurki-zestaw-3-szt-moli-prestige-100x100.jpg 100w\" sizes=\"(max-width: 1000px) 100vw, 1000px\" \/><\/h3>\n<h3 style=\"text-align: center;\">\u00a0Stw\u00f3rz bajkow\u0105 przestrze\u0144 dla swojego malucha i pozw\u00f3l,<br \/>\nby jego wyobra\u017ania szybowa\u0142a w chmurach!<\/h3>\n<p>&nbsp;<\/p>\n<h3>Zestaw zawiera:<\/h3>\n<p>1 du\u017ca p\u00f3\u0142ka<\/p>\n<p>2 ma\u0142e p\u00f3\u0142ki<\/p>\n<div id=\"attachment_11598\" style=\"width: 1010px\" class=\"wp-caption aligncenter\"><img aria-describedby=\"caption-attachment-11598\" loading=\"lazy\" class=\"wp-image-11598 size-full\" src=\"https:\/\/mymodulo.pl\/sklep\/wp-content\/uploads\/2025\/03\/polki-chmurki-zestaw-3-szt-moli-prestige-1.jpg\" alt=\"p\u00f3\u0142ka drewniana chmurka dla dzieci\" width=\"1000\" height=\"1000\" srcset=\"https:\/\/mymodulo.pl\/sklep\/wp-content\/uploads\/2025\/03\/polki-chmurki-zestaw-3-szt-moli-prestige-1.jpg 1000w, https:\/\/mymodulo.pl\/sklep\/wp-content\/uploads\/2025\/03\/polki-chmurki-zestaw-3-szt-moli-prestige-1-300x300.jpg 300w, https:\/\/mymodulo.pl\/sklep\/wp-content\/uploads\/2025\/03\/polki-chmurki-zestaw-3-szt-moli-prestige-1-150x150.jpg 150w, https:\/\/mymodulo.pl\/sklep\/wp-content\/uploads\/2025\/03\/polki-chmurki-zestaw-3-szt-moli-prestige-1-768x768.jpg 768w, https:\/\/mymodulo.pl\/sklep\/wp-content\/uploads\/2025\/03\/polki-chmurki-zestaw-3-szt-moli-prestige-1-187x187.jpg 187w, https:\/\/mymodulo.pl\/sklep\/wp-content\/uploads\/2025\/03\/polki-chmurki-zestaw-3-szt-moli-prestige-1-390x390.jpg 390w, https:\/\/mymodulo.pl\/sklep\/wp-content\/uploads\/2025\/03\/polki-chmurki-zestaw-3-szt-moli-prestige-1-600x600.jpg 600w, https:\/\/mymodulo.pl\/sklep\/wp-content\/uploads\/2025\/03\/polki-chmurki-zestaw-3-szt-moli-prestige-1-100x100.jpg 100w\" sizes=\"(max-width: 1000px) 100vw, 1000px\" \/><p id=\"caption-attachment-11598\" class=\"wp-caption-text\">Prestige<\/p><\/div>\n<div id=\"attachment_11601\" style=\"width: 1010px\" class=\"wp-caption aligncenter\"><img aria-describedby=\"caption-attachment-11601\" loading=\"lazy\" class=\"wp-image-11601 size-full\" src=\"https:\/\/mymodulo.pl\/sklep\/wp-content\/uploads\/2025\/03\/polki-chmurki-zestaw-3-szt-moli-elegance-1.jpg\" alt=\"p\u00f3\u0142ka drewniana chmurka dla dzieci\" width=\"1000\" height=\"1000\" srcset=\"https:\/\/mymodulo.pl\/sklep\/wp-content\/uploads\/2025\/03\/polki-chmurki-zestaw-3-szt-moli-elegance-1.jpg 1000w, https:\/\/mymodulo.pl\/sklep\/wp-content\/uploads\/2025\/03\/polki-chmurki-zestaw-3-szt-moli-elegance-1-300x300.jpg 300w, https:\/\/mymodulo.pl\/sklep\/wp-content\/uploads\/2025\/03\/polki-chmurki-zestaw-3-szt-moli-elegance-1-150x150.jpg 150w, https:\/\/mymodulo.pl\/sklep\/wp-content\/uploads\/2025\/03\/polki-chmurki-zestaw-3-szt-moli-elegance-1-768x768.jpg 768w, https:\/\/mymodulo.pl\/sklep\/wp-content\/uploads\/2025\/03\/polki-chmurki-zestaw-3-szt-moli-elegance-1-187x187.jpg 187w, https:\/\/mymodulo.pl\/sklep\/wp-content\/uploads\/2025\/03\/polki-chmurki-zestaw-3-szt-moli-elegance-1-390x390.jpg 390w, https:\/\/mymodulo.pl\/sklep\/wp-content\/uploads\/2025\/03\/polki-chmurki-zestaw-3-szt-moli-elegance-1-600x600.jpg 600w, https:\/\/mymodulo.pl\/sklep\/wp-content\/uploads\/2025\/03\/polki-chmurki-zestaw-3-szt-moli-elegance-1-100x100.jpg 100w\" sizes=\"(max-width: 1000px) 100vw, 1000px\" \/><p id=\"caption-attachment-11601\" class=\"wp-caption-text\">Elegance<\/p><\/div>\n<h3>Wykonanie, materia\u0142<\/h3>\n<ul>\n<li>P\u00f3\u0142ka jest ju\u017c skr\u0119cona, a Tobie pozostaje jedynie przywiesi\u0107 j\u0105 na \u015bcianie.<\/li>\n<li>Obustronnie bia\u0142a p\u0142yta MDF, o grubo\u015bci 18 mm.<\/li>\n<li>Unowocze\u015bnione zaczepy, kt\u00f3re s\u0105 wpuszczone w materia\u0142 od ty\u0142u, sprawiaj\u0105, \u017ce wieszanie p\u00f3\u0142ki jest dziecinnie proste, a do tego bardzo stabilne.<\/li>\n<li>Mocowania otrzymujesz GRATIS!<\/li>\n<li>P\u00f3\u0142ka ma\u00a0od frontu dodatkow\u0105 ma\u0142\u0105 chmurk\u0119.<\/li>\n<li>Instrukcja w j.polskim.<\/li>\n<li>Wykonane w ca\u0142o\u015bci na profesjonalnych maszynach formatowych, okleiniarkach stacjonarnych i frezarkach CNC, r\u0119cznie jedynie malowane na kraw\u0119dziach i skr\u0119cane.\u00a0Gwarantuje to ich nienaganny kszta\u0142t, bez wad wynikaj\u0105cych z r\u0119cznego wycinania, brak poszarpa\u0144 materia\u0142u, czy niedotrzymania symetrii \u0142uk\u00f3w.<\/li>\n<\/ul>\n<h3>Wymiary<\/h3>\n<p>Du\u017ca<\/p>\n<ul>\n<li>d\u0142ugo\u015b\u0107: 53,5 cm<\/li>\n<li>wysoko\u015b\u0107: 27,5 cm<\/li>\n<li>g\u0142\u0119boko\u015b\u0107: 18,6 cm<\/li>\n<li>wymiary blatu: 50 cm x 15 cm<\/li>\n<li>kolor: bia\u0142y<\/li>\n<\/ul>\n<p>Ma\u0142a<\/p>\n<ul>\n<li>d\u0142ugo\u015b\u0107: 35 cm<\/li>\n<li>wysoko\u015b\u0107: 18 cm<\/li>\n<li>g\u0142\u0119boko\u015b\u0107: 18,6 cm<\/li>\n<li>kolor: bia\u0142y<\/li>\n<\/ul>\n<h3>Dost\u0119pne\u00a0 opcje wyko\u0144czenia<\/h3>\n<p>P\u00f3\u0142ka wyst\u0119puje w 2 klasach.\u00a0Nie jest to jednak r\u00f3\u017cnica w jako\u015bci, lecz w stylu wyko\u0144czenia kraw\u0119dzi.<\/p>\n<p>&nbsp;<\/p>\n<p><strong>Klasa ELEGANCE &#8211; kraw\u0119dzie chmurek w kolorze p\u0142yty MDF<\/strong><\/p>\n<p>Blat p\u00f3\u0142ki wykonany z bia\u0142ego i\u00a0grubego, wysokogatunkowego MDF, oklejony na kraw\u0119dziach profesjonaln\u0105 oklein\u0105 PCV. Chmurka wykonana r\u00f3wnie\u017c z obustronnie bia\u0142ego MDF, ale<strong> jej kraw\u0119dzie zosta\u0142y zachowane w naturalnym kolorze p\u0142yty MDF<\/strong><\/p>\n<div id=\"attachment_4791\" style=\"width: 310px\" class=\"wp-caption alignnone\"><img aria-describedby=\"caption-attachment-4791\" loading=\"lazy\" class=\"size-medium wp-image-4791\" src=\"https:\/\/mymodulo.pl\/sklep\/wp-content\/uploads\/2021\/05\/1506-Moli-elegance-1-300x225.jpg\" alt=\"P\u00f3\u0142ka drewniana, chmurka\" width=\"300\" height=\"225\" srcset=\"https:\/\/mymodulo.pl\/sklep\/wp-content\/uploads\/2021\/05\/1506-Moli-elegance-1-300x225.jpg 300w, https:\/\/mymodulo.pl\/sklep\/wp-content\/uploads\/2021\/05\/1506-Moli-elegance-1-768x576.jpg 768w, https:\/\/mymodulo.pl\/sklep\/wp-content\/uploads\/2021\/05\/1506-Moli-elegance-1-1024x768.jpg 1024w, https:\/\/mymodulo.pl\/sklep\/wp-content\/uploads\/2021\/05\/1506-Moli-elegance-1-249x187.jpg 249w, https:\/\/mymodulo.pl\/sklep\/wp-content\/uploads\/2021\/05\/1506-Moli-elegance-1-1260x945.jpg 1260w, https:\/\/mymodulo.pl\/sklep\/wp-content\/uploads\/2021\/05\/1506-Moli-elegance-1-600x450.jpg 600w\" sizes=\"(max-width: 300px) 100vw, 300px\" \/><p id=\"caption-attachment-4791\" class=\"wp-caption-text\"><em>Elegance<\/em><\/p><\/div>\n<p><strong>Klasa PRESTIGE\u00a0 &#8211; p\u00f3\u0142ka ca\u0142a bia\u0142a<\/strong><\/p>\n<p>P\u00f3\u0142ki s\u0105\u00a0w ca\u0142o\u015bci bia\u0142e. Powierzchnie chmurek i blat\u00f3w s\u0105 wykonane z laminatu o podwy\u017cszonej odporno\u015bci na zarysowania i \u015brodki chemiczne \/ czyszcz\u0105ce.<strong>\u00a0Obrze\u017ca\u00a0chmurki malowane s\u0105 na bia\u0142o<\/strong> profesjonalnymi atestowanymi, hipoalergicznymi i bezwonnymi emaliami akrylowymi spe\u0142niaj\u0105cymi europejsk\u0105 norm\u0119\u00a0<strong>&#8222;Bezpiecze\u0144stwo Zabawek&#8221;<\/strong>. Blaty p\u00f3\u0142ek wykonane z bia\u0142ego i grubego wysokogatunkowego MDF, oklejone na kraw\u0119dziach profesjonaln\u0105 oklein\u0105 PCV.<\/p>\n<p>&nbsp;<\/p>\n<div id=\"attachment_4796\" style=\"width: 318px\" class=\"wp-caption alignnone\"><img aria-describedby=\"caption-attachment-4796\" loading=\"lazy\" class=\" wp-image-4796\" src=\"https:\/\/mymodulo.pl\/sklep\/wp-content\/uploads\/2021\/05\/1763-moli-prestige-300x178.jpg\" alt=\"\" width=\"308\" height=\"183\" srcset=\"https:\/\/mymodulo.pl\/sklep\/wp-content\/uploads\/2021\/05\/1763-moli-prestige-300x178.jpg 300w, https:\/\/mymodulo.pl\/sklep\/wp-content\/uploads\/2021\/05\/1763-moli-prestige-768x455.jpg 768w, https:\/\/mymodulo.pl\/sklep\/wp-content\/uploads\/2021\/05\/1763-moli-prestige-1024x607.jpg 1024w, https:\/\/mymodulo.pl\/sklep\/wp-content\/uploads\/2021\/05\/1763-moli-prestige-280x166.jpg 280w, https:\/\/mymodulo.pl\/sklep\/wp-content\/uploads\/2021\/05\/1763-moli-prestige-1260x746.jpg 1260w, https:\/\/mymodulo.pl\/sklep\/wp-content\/uploads\/2021\/05\/1763-moli-prestige-600x355.jpg 600w\" sizes=\"(max-width: 308px) 100vw, 308px\" \/><p id=\"caption-attachment-4796\" class=\"wp-caption-text\"><em>Prestige<\/em><\/p><\/div>\n","protected":false},"excerpt":{"rendered":"<p>Czas realizacji: 3-5 dni roboczych<\/p>\n","protected":false},"featured_media":11602,"template":"","meta":[],"product_cat":[632,713,607],"product_tag":[],"_links":{"self":[{"href":"https:\/\/mymodulo.pl\/sklep\/wp-json\/wp\/v2\/product\/11595"}],"collection":[{"href":"https:\/\/mymodulo.pl\/sklep\/wp-json\/wp\/v2\/product"}],"about":[{"href":"https:\/\/mymodulo.pl\/sklep\/wp-json\/wp\/v2\/types\/product"}],"wp:featuredmedia":[{"embeddable":true,"href":"https:\/\/mymodulo.pl\/sklep\/wp-json\/wp\/v2\/media\/11602"}],"wp:attachment":[{"href":"https:\/\/mymodulo.pl\/sklep\/wp-json\/wp\/v2\/media?parent=11595"}],"wp:term":[{"taxonomy":"product_cat","embeddable":true,"href":"https:\/\/mymodulo.pl\/sklep\/wp-json\/wp\/v2\/product_cat?post=11595"},{"taxonomy":"product_tag","embeddable":true,"href":"https:\/\/mymodulo.pl\/sklep\/wp-json\/wp\/v2\/product_tag?post=11595"}],"curies":[{"name":"wp","href":"https:\/\/api.w.org\/{rel}","templated":true}]}}